{"id":1686,"date":"2015-06-04T09:51:40","date_gmt":"2015-06-04T09:51:40","guid":{"rendered":"http:\/\/trotest.megaflex.cz\/?page_id=1686"},"modified":"2023-08-08T14:06:54","modified_gmt":"2023-08-08T12:06:54","slug":"historie","status":"publish","type":"page","link":"https:\/\/www.megaflex.cz\/lasery\/historie\/","title":{"rendered":"Historie spole\u010dnosti"},"content":{"rendered":"\t\t<div data-elementor-type=\"wp-page\" data-elementor-id=\"1686\" class=\"elementor elementor-1686\" data-elementor-post-type=\"page\">\n\t\t\t\t\t\t\t\t\t<section class=\"elementor-section elementor-top-section elementor-element elementor-element-e6cc8d1 elementor-section-boxed elementor-section-height-default elementor-section-height-default\" data-id=\"e6cc8d1\" data-element_type=\"section\">\n\t\t\t\t\t\t<div class=\"elementor-container elementor-column-gap-default\">\n\t\t\t\t\t<div class=\"elementor-column elementor-col-100 elementor-top-column elementor-element elementor-element-2001698\" data-id=\"2001698\" data-element_type=\"column\">\n\t\t\t<div class=\"elementor-widget-wrap elementor-element-populated\">\n\t\t\t\t\t\t\t\t<div class=\"elementor-element elementor-element-e039d33 elementor-widget elementor-widget-heading\" data-id=\"e039d33\" data-element_type=\"widget\" data-widget_type=\"heading.default\">\n\t\t\t\t<div class=\"elementor-widget-container\">\n\t\t\t<style>\/*! elementor - v3.17.0 - 25-10-2023 *\/\n.elementor-heading-title{padding:0;margin:0;line-height:1}.elementor-widget-heading .elementor-heading-title[class*=elementor-size-]>a{color:inherit;font-size:inherit;line-height:inherit}.elementor-widget-heading .elementor-heading-title.elementor-size-small{font-size:15px}.elementor-widget-heading .elementor-heading-title.elementor-size-medium{font-size:19px}.elementor-widget-heading .elementor-heading-title.elementor-size-large{font-size:29px}.elementor-widget-heading .elementor-heading-title.elementor-size-xl{font-size:39px}.elementor-widget-heading .elementor-heading-title.elementor-size-xxl{font-size:59px}<\/style><h1 class=\"elementor-heading-title elementor-size-default\">Historie spole\u010dnosti<\/h1>\t\t<\/div>\n\t\t\t\t<\/div>\n\t\t\t\t\t<\/div>\n\t\t<\/div>\n\t\t\t\t\t\t\t<\/div>\n\t\t<\/section>\n\t\t\t\t<section class=\"elementor-section elementor-top-section elementor-element elementor-element-a4da770 elementor-hidden-tablet elementor-hidden-mobile elementor-section-boxed elementor-section-height-default elementor-section-height-default\" data-id=\"a4da770\" data-element_type=\"section\">\n\t\t\t\t\t\t<div class=\"elementor-container elementor-column-gap-default\">\n\t\t\t\t\t<div class=\"elementor-column elementor-col-100 elementor-top-column elementor-element elementor-element-679aed1\" data-id=\"679aed1\" data-element_type=\"column\">\n\t\t\t<div class=\"elementor-widget-wrap elementor-element-populated\">\n\t\t\t\t\t\t\t\t<div class=\"elementor-element elementor-element-32be3b4 elementor-widget elementor-widget-html\" data-id=\"32be3b4\" data-element_type=\"widget\" data-widget_type=\"html.default\">\n\t\t\t\t<div class=\"elementor-widget-container\">\n\t\t\t<div class=\"timeline\">\n  <div class=\"container left elementor-element elementor-element-f2afc2e animated-slow elementor-widget elementor-widget-text-editor animated slideInLeft\" data-id=\"f2afc2e\">\n    <div class=\"date\">1990<\/div>\n    <i class=\"icon fa fa-home\"><\/i>\n    <div class=\"content\">\n      <h2>Vznik<\/h2>\n      <p>\n        Zakladatel spole\u010dnosti, Ing. Milan Boehm, za\u010dal s distribuc\u00ed samobarvic\u00edch raz\u00edtek rakousk\u00e9 firmy TRODAT v tehdej\u0161\u00edm \u010ceskoslovensku. Rychl\u00fd \u00fasp\u011bch na trhu mu brzy umo\u017enil investovat pen\u00edze tak\u00e9 do v\u00fdvoje za\u0159\u00edzen\u00ed na v\u00fdrobu raz\u00edtkov\u00fdch \u0161to\u010dk\u016f. Takov\u00fdm technicky nejvysp\u011blej\u0161\u00edm syst\u00e9mem byla v t\u00e9 dob\u011b vulkanizace gumy do termosetov\u00fdch matric, ale pro jejich roz\u0161\u00ed\u0159en\u00ed chyb\u011bly vulkaniza\u010dn\u00ed lisy.\n      <\/p>\n    <\/div>\n  <\/div>\n  <div class=\"container right elementor-element elementor-element-f2afc2e animated-slow elementor-widget elementor-widget-text-editor animated slideInRight\" data-id=\"f2afc2e\">\n    <div class=\"date\">1992<\/div>\n    <i class=\"icon fa fa-file-text\"><\/i>\n    <div class=\"content\">\n      <h2>Zalo\u017een\u00ed spole\u010dnosti Megaflex, spol. s r.o.<\/h2>\n      <p>\n       V dubnu 1992 Milan Boehm proto se spole\u010dn\u00edkem zalo\u017eil spole\u010dnost s ru\u010den\u00edm omezen\u00fdm, zam\u011b\u0159enou na v\u00fdrobu vulkaniza\u010dn\u00edch lis\u016f. S velk\u00fdm \u00fasp\u011bchem vyrobili a prodali v\u00edce ne\u017e 30 technicky vysp\u011bl\u00fdch a robustn\u00edch lis\u016f na vulkanizaci raz\u00edtkov\u00fdch \u0161to\u010dk\u016f.\u00a0Ji\u017e na\u00a0konci roku 1992 se spole\u010dn\u00edci dohodli na p\u0159\u00e1telsk\u00e9m vyrovn\u00e1n\u00ed a ukon\u010den\u00ed spolupr\u00e1ce.\n      <\/p>\n    <\/div>\n  <\/div>\n  <div class=\"container left elementor-element elementor-element-f2afc2e animated-slow elementor-widget elementor-widget-text-editor animated slideInLeft\">\n    <div class=\"date\">1993<\/div>\n    <i class=\"icon fa fa-user\"><\/i>\n    <div class=\"content\">\n      <h2>Slou\u010den\u00ed podnik\u00e1n\u00ed do Megaflexu<\/h2>\n      <p>\n        Od ledna 1993 p\u0159evzal Megaflex, nyn\u00ed ji\u017e v\u00fdhradn\u011b vlastn\u011bn\u00fd Milanem Boehmem, celou \u010dinnost v oboru distribuce raz\u00edtek TRODAT i v\u00fdroby a prodeje za\u0159\u00edzen\u00ed na v\u00fdrobu raz\u00edtkov\u00fdch \u0161to\u010dk\u016f. Do Megaflexu tak\u00e9 s Ing. Boehmem p\u0159e\u0161li v\u0161ichni jeho\u00a0zam\u011bstnanci.\n      <\/p>\n    <\/div>\n  <\/div>\n  <div class=\"container right elementor-element elementor-element-f2afc2e animated-slow elementor-widget elementor-widget-text-editor animated slideInRight\" data-id=\"f2afc2e\">\n    <div class=\"date\">1994<\/div>\n    <i class=\"icon fa fa-certificate\"><\/i>\n    <div class=\"content\">\n      <h2>Prvn\u00ed plo\u0161n\u00fd laser Megaflex SHARK S-30<\/h2>\n      <p>\n       D\u00edky spolupr\u00e1ci se \u0161pi\u010dkov\u00fdmi experty z oboru laserov\u00fdch technologi\u00ed a programov\u00e1n\u00ed se n\u00e1m ji\u017e v roce 1994 poda\u0159ilo vyrobit a uv\u00e9st na trh prvn\u00ed plo\u0161n\u00fd laser na v\u00fdrobu raz\u00edtkov\u00fdch \u0161to\u010dk\u016f.\u00a0V n\u00e1sleduj\u00edc\u00edch dvou letech jsme t\u011bchto stroj\u016f vyrobili a prodali n\u011bkolik des\u00edtek kus\u016f.\u00a0K na\u0161emu p\u0159ekvapen\u00ed n\u011bkter\u00e9 z t\u011bchto stroj\u016f je\u0161t\u011b po p\u011btadvaceti letech provozu st\u00e1le bezchybn\u011b funguj\u00ed...\n      <\/p>\n    <\/div>\n  <\/div>\n  <div class=\"container left elementor-element elementor-element-f2afc2e animated-slow elementor-widget elementor-widget-text-editor animated slideInLeft\">\n    <div class=\"date\">1997<\/div>\n    <i class=\"icon fa fa-file-text\"><\/i>\n    <div class=\"content\">\n      <h2>Zalo\u017een\u00ed spole\u010dnosti Trotec-Laser<\/h2>\n      <p>\n        Se stejnou motivac\u00ed jako Megaflex, ale s podstatn\u011b v\u011bt\u0161\u00edm finan\u010dn\u00edm a logistick\u00fdm z\u00e1zem\u00edm, zalo\u017eila firma TRODAT, sv\u011btov\u00e1 jedni\u010dka ve v\u00fdrob\u011b samobarvic\u00edch raz\u00edtek, dce\u0159inou spole\u010dnost zam\u011b\u0159enou na v\u00fdrobu laserov\u00fdch za\u0159\u00edzen\u00ed:\u00a0spole\u010dnost TROTEC-LASER.\nS vyu\u017eit\u00edm\u00a0 celosv\u011btov\u00e9 s\u00edt\u011b prodejc\u016f a vynikaj\u00edc\u00edch podnikatelsk\u00fdch schopnost\u00ed\u00a0je dnes nejen technologickou \u0161pi\u010dkou, ale tak\u00e9 velk\u00fdm obchodn\u00edm \u00fasp\u011bchem TRODATu. Zna\u010dka je ji\u017e zastoupena ve v\u00edce ne\u017e 120 zem\u00edch sv\u011bta.\n      <\/p>\n    <\/div>\n  <\/div>\n  <div class=\"container right elementor-element elementor-element-f2afc2e animated-slow elementor-widget elementor-widget-text-editor animated slideInRight\" data-id=\"f2afc2e\">\n    <div class=\"date\">Nyn\u00ed<\/div>\n    <i class=\"icon fa fa-certificate\"><\/i>\n    <div class=\"content\">\n      <h2>Sou\u010dasnost<\/h2>\n      <p>\n       Dnes je spole\u010dnost Megaflex nejen nezpochybnitelnou jedni\u010dkou v prodeji samobarvic\u00edch raz\u00edtek v \u010cesk\u00e9 republice i na Slovensku, ale tak\u00e9 v\u00fdznamn\u00fdm hr\u00e1\u010dem na poli laserov\u00e9ho grav\u00edrov\u00e1n\u00ed, \u0159ez\u00e1n\u00ed a pr\u016fmyslov\u00e9ho zna\u010den\u00ed. D\u00edky spolupr\u00e1ci s firmou TROTEC-LASER jsme p\u0159ipraveni nab\u00eddnout \u0161pi\u010dkov\u00e1 za\u0159\u00edzen\u00ed v oboru plo\u0161n\u00fdch laser\u016f a d\u00edky vlastn\u00edm laser\u016fm s vychylovan\u00fdm paprskem pak tak\u00e9 \u0161pi\u010dkov\u00e1 profesion\u00e1ln\u00ed za\u0159\u00edzen\u00ed pro pr\u016fmyslov\u00fd popis.\n          Ji\u017e od konce devades\u00e1t\u00fdch let distribuujeme tak\u00e9 vynikaj\u00edc\u00ed laserem grav\u00edrovateln\u00e9 deskov\u00e9 materi\u00e1ly a f\u00f3lie. V roce 2013 jsme roz\u0161\u00ed\u0159ili nab\u00eddku v sortimentu pro vyu\u017eit\u00ed plo\u0161n\u00fdch laser\u016f: dod\u00e1v\u00e1me designov\u011b i technicky vynikaj\u00edc\u00ed syst\u00e9m pro Orienta\u010dn\u00ed syst\u00e9my budov, TRILINE. I v tomto oboru je dnes Megaflex ji\u017e jedni\u010dkou na \u010desk\u00e9m a slovensk\u00e9m trhu.\n      <\/p>\n    <\/div>\n  <\/div>\n<\/div>\t\t<\/div>\n\t\t\t\t<\/div>\n\t\t\t\t\t<\/div>\n\t\t<\/div>\n\t\t\t\t\t\t\t<\/div>\n\t\t<\/section>\n\t\t\t\t<section class=\"elementor-section elementor-top-section elementor-element elementor-element-9d099ca elementor-hidden-desktop elementor-section-boxed elementor-section-height-default elementor-section-height-default\" data-id=\"9d099ca\" data-element_type=\"section\">\n\t\t\t\t\t\t<div class=\"elementor-container elementor-column-gap-default\">\n\t\t\t\t\t<div class=\"elementor-column elementor-col-100 elementor-top-column elementor-element elementor-element-5d6c5c4\" data-id=\"5d6c5c4\" data-element_type=\"column\">\n\t\t\t<div class=\"elementor-widget-wrap elementor-element-populated\">\n\t\t\t\t\t\t\t\t<section class=\"elementor-section elementor-inner-section elementor-element elementor-element-574da3d ds-boxshadow elementor-section-boxed elementor-section-height-default elementor-section-height-default\" data-id=\"574da3d\" data-element_type=\"section\" data-settings=\"{&quot;background_background&quot;:&quot;classic&quot;}\">\n\t\t\t\t\t\t<div class=\"elementor-container elementor-column-gap-default\">\n\t\t\t\t\t<div class=\"elementor-column elementor-col-100 elementor-inner-column elementor-element elementor-element-01b40dd\" data-id=\"01b40dd\" data-element_type=\"column\" data-settings=\"{&quot;background_background&quot;:&quot;classic&quot;}\">\n\t\t\t<div class=\"elementor-widget-wrap elementor-element-populated\">\n\t\t\t\t\t\t\t\t<div class=\"elementor-element elementor-element-1a32d93 elementor-widget elementor-widget-heading\" data-id=\"1a32d93\" data-element_type=\"widget\" data-widget_type=\"heading.default\">\n\t\t\t\t<div class=\"elementor-widget-container\">\n\t\t\t<h2 class=\"elementor-heading-title elementor-size-default\">1990- Vznik<\/h2>\t\t<\/div>\n\t\t\t\t<\/div>\n\t\t\t\t<div class=\"elementor-element elementor-element-4407bf3 elementor-widget elementor-widget-text-editor\" data-id=\"4407bf3\" data-element_type=\"widget\" data-widget_type=\"text-editor.default\">\n\t\t\t\t<div class=\"elementor-widget-container\">\n\t\t\t<style>\/*! elementor - v3.17.0 - 25-10-2023 *\/\n.elementor-widget-text-editor.elementor-drop-cap-view-stacked .elementor-drop-cap{background-color:#69727d;color:#fff}.elementor-widget-text-editor.elementor-drop-cap-view-framed .elementor-drop-cap{color:#69727d;border:3px solid;background-color:transparent}.elementor-widget-text-editor:not(.elementor-drop-cap-view-default) .elementor-drop-cap{margin-top:8px}.elementor-widget-text-editor:not(.elementor-drop-cap-view-default) .elementor-drop-cap-letter{width:1em;height:1em}.elementor-widget-text-editor .elementor-drop-cap{float:left;text-align:center;line-height:1;font-size:50px}.elementor-widget-text-editor .elementor-drop-cap-letter{display:inline-block}<\/style>\t\t\t\tZakladatel spole\u010dnosti, Ing. Milan Boehm, za\u010dal s distribuc\u00ed samobarvic\u00edch raz\u00edtek rakousk\u00e9 firmy TRODAT v tehdej\u0161\u00edm \u010ceskoslovensku. Rychl\u00fd \u00fasp\u011bch na trhu mu brzy umo\u017enil investovat pen\u00edze tak\u00e9 do v\u00fdvoje za\u0159\u00edzen\u00ed na v\u00fdrobu raz\u00edtkov\u00fdch \u0161to\u010dk\u016f. Takov\u00fdm technicky nejvysp\u011blej\u0161\u00edm syst\u00e9mem byla v t\u00e9 dob\u011b vulkanizace gumy do termosetov\u00fdch matric, ale pro jejich roz\u0161\u00ed\u0159en\u00ed chyb\u011bly vulkaniza\u010dn\u00ed lisy.\t\t\t\t\t\t<\/div>\n\t\t\t\t<\/div>\n\t\t\t\t\t<\/div>\n\t\t<\/div>\n\t\t\t\t\t\t\t<\/div>\n\t\t<\/section>\n\t\t\t\t<section class=\"elementor-section elementor-inner-section elementor-element elementor-element-1e4e299 ds-boxshadow elementor-section-boxed elementor-section-height-default elementor-section-height-default\" data-id=\"1e4e299\" data-element_type=\"section\" data-settings=\"{&quot;background_background&quot;:&quot;classic&quot;}\">\n\t\t\t\t\t\t<div class=\"elementor-container elementor-column-gap-default\">\n\t\t\t\t\t<div class=\"elementor-column elementor-col-100 elementor-inner-column elementor-element elementor-element-e6ba8a6\" data-id=\"e6ba8a6\" data-element_type=\"column\" data-settings=\"{&quot;background_background&quot;:&quot;classic&quot;}\">\n\t\t\t<div class=\"elementor-widget-wrap elementor-element-populated\">\n\t\t\t\t\t\t\t\t<div class=\"elementor-element elementor-element-562479b elementor-widget elementor-widget-heading\" data-id=\"562479b\" data-element_type=\"widget\" data-widget_type=\"heading.default\">\n\t\t\t\t<div class=\"elementor-widget-container\">\n\t\t\t<h2 class=\"elementor-heading-title elementor-size-default\">1992 - Zalo\u017een\u00ed spole\u010dnosti Megaflex, spol. s r.o.<\/h2>\t\t<\/div>\n\t\t\t\t<\/div>\n\t\t\t\t<div class=\"elementor-element elementor-element-55542ed elementor-widget elementor-widget-text-editor\" data-id=\"55542ed\" data-element_type=\"widget\" data-widget_type=\"text-editor.default\">\n\t\t\t\t<div class=\"elementor-widget-container\">\n\t\t\t\t\t\t\tV dubnu 1992 Milan Boehm proto se spole\u010dn\u00edkem zalo\u017eil spole\u010dnost s ru\u010den\u00edm omezen\u00fdm, zam\u011b\u0159enou na v\u00fdrobu vulkaniza\u010dn\u00edch lis\u016f. S velk\u00fdm \u00fasp\u011bchem vyrobili a prodali v\u00edce ne\u017e 30 technicky vysp\u011bl\u00fdch a robustn\u00edch lis\u016f na vulkanizaci raz\u00edtkov\u00fdch \u0161to\u010dk\u016f. Ji\u017e na konci roku 1992 se spole\u010dn\u00edci dohodli na p\u0159\u00e1telsk\u00e9m vyrovn\u00e1n\u00ed a ukon\u010den\u00ed spolupr\u00e1ce.\t\t\t\t\t\t<\/div>\n\t\t\t\t<\/div>\n\t\t\t\t\t<\/div>\n\t\t<\/div>\n\t\t\t\t\t\t\t<\/div>\n\t\t<\/section>\n\t\t\t\t<section class=\"elementor-section elementor-inner-section elementor-element elementor-element-961a390 ds-boxshadow elementor-section-boxed elementor-section-height-default elementor-section-height-default\" data-id=\"961a390\" data-element_type=\"section\" data-settings=\"{&quot;background_background&quot;:&quot;classic&quot;}\">\n\t\t\t\t\t\t<div class=\"elementor-container elementor-column-gap-default\">\n\t\t\t\t\t<div class=\"elementor-column elementor-col-100 elementor-inner-column elementor-element elementor-element-08e84f9\" data-id=\"08e84f9\" data-element_type=\"column\" data-settings=\"{&quot;background_background&quot;:&quot;classic&quot;}\">\n\t\t\t<div class=\"elementor-widget-wrap elementor-element-populated\">\n\t\t\t\t\t\t\t\t<div class=\"elementor-element elementor-element-066fd30 elementor-widget elementor-widget-heading\" data-id=\"066fd30\" data-element_type=\"widget\" data-widget_type=\"heading.default\">\n\t\t\t\t<div class=\"elementor-widget-container\">\n\t\t\t<h2 class=\"elementor-heading-title elementor-size-default\">1993 - Slou\u010den\u00ed podnik\u00e1n\u00ed do Megaflexu<\/h2>\t\t<\/div>\n\t\t\t\t<\/div>\n\t\t\t\t<div class=\"elementor-element elementor-element-d32dc1c elementor-widget elementor-widget-text-editor\" data-id=\"d32dc1c\" data-element_type=\"widget\" data-widget_type=\"text-editor.default\">\n\t\t\t\t<div class=\"elementor-widget-container\">\n\t\t\t\t\t\t\tOd ledna 1993 p\u0159evzal Megaflex, nyn\u00ed ji\u017e v\u00fdhradn\u011b vlastn\u011bn\u00fd Milanem Boehmem, celou \u010dinnost v oboru distribuce raz\u00edtek TRODAT i v\u00fdroby a prodeje za\u0159\u00edzen\u00ed na v\u00fdrobu raz\u00edtkov\u00fdch \u0161to\u010dk\u016f. Do Megaflexu tak\u00e9 s Ing. Boehmem p\u0159e\u0161li v\u0161ichni jeho zam\u011bstnanci.\t\t\t\t\t\t<\/div>\n\t\t\t\t<\/div>\n\t\t\t\t\t<\/div>\n\t\t<\/div>\n\t\t\t\t\t\t\t<\/div>\n\t\t<\/section>\n\t\t\t\t<section class=\"elementor-section elementor-inner-section elementor-element elementor-element-12bf53d ds-boxshadow elementor-section-boxed elementor-section-height-default elementor-section-height-default\" data-id=\"12bf53d\" data-element_type=\"section\" data-settings=\"{&quot;background_background&quot;:&quot;classic&quot;}\">\n\t\t\t\t\t\t<div class=\"elementor-container elementor-column-gap-default\">\n\t\t\t\t\t<div class=\"elementor-column elementor-col-100 elementor-inner-column elementor-element elementor-element-7d0df05\" data-id=\"7d0df05\" data-element_type=\"column\" data-settings=\"{&quot;background_background&quot;:&quot;classic&quot;}\">\n\t\t\t<div class=\"elementor-widget-wrap elementor-element-populated\">\n\t\t\t\t\t\t\t\t<div class=\"elementor-element elementor-element-4362940 elementor-widget elementor-widget-heading\" data-id=\"4362940\" data-element_type=\"widget\" data-widget_type=\"heading.default\">\n\t\t\t\t<div class=\"elementor-widget-container\">\n\t\t\t<h2 class=\"elementor-heading-title elementor-size-default\">1994 - Prvn\u00ed plo\u0161n\u00fd laser Megaflex SHARK S-30<\/h2>\t\t<\/div>\n\t\t\t\t<\/div>\n\t\t\t\t<div class=\"elementor-element elementor-element-78741c8 elementor-widget elementor-widget-text-editor\" data-id=\"78741c8\" data-element_type=\"widget\" data-widget_type=\"text-editor.default\">\n\t\t\t\t<div class=\"elementor-widget-container\">\n\t\t\t\t\t\t\tD\u00edky spolupr\u00e1ci se \u0161pi\u010dkov\u00fdmi experty z oboru laserov\u00fdch technologi\u00ed a programov\u00e1n\u00ed se n\u00e1m ji\u017e v roce 1994 poda\u0159ilo vyrobit a uv\u00e9st na trh prvn\u00ed plo\u0161n\u00fd laser na v\u00fdrobu raz\u00edtkov\u00fdch \u0161to\u010dk\u016f. V n\u00e1sleduj\u00edc\u00edch dvou letech jsme t\u011bchto stroj\u016f vyrobili a prodali n\u011bkolik des\u00edtek kus\u016f. K na\u0161emu p\u0159ekvapen\u00ed n\u011bkter\u00e9 z t\u011bchto stroj\u016f je\u0161t\u011b po p\u011btadvaceti letech provozu st\u00e1le bezchybn\u011b funguj\u00ed&#8230;\t\t\t\t\t\t<\/div>\n\t\t\t\t<\/div>\n\t\t\t\t\t<\/div>\n\t\t<\/div>\n\t\t\t\t\t\t\t<\/div>\n\t\t<\/section>\n\t\t\t\t<section class=\"elementor-section elementor-inner-section elementor-element elementor-element-ba49a3b ds-boxshadow elementor-section-boxed elementor-section-height-default elementor-section-height-default\" data-id=\"ba49a3b\" data-element_type=\"section\" data-settings=\"{&quot;background_background&quot;:&quot;classic&quot;}\">\n\t\t\t\t\t\t<div class=\"elementor-container elementor-column-gap-default\">\n\t\t\t\t\t<div class=\"elementor-column elementor-col-100 elementor-inner-column elementor-element elementor-element-3d0709e\" data-id=\"3d0709e\" data-element_type=\"column\" data-settings=\"{&quot;background_background&quot;:&quot;classic&quot;}\">\n\t\t\t<div class=\"elementor-widget-wrap elementor-element-populated\">\n\t\t\t\t\t\t\t\t<div class=\"elementor-element elementor-element-9b27de2 elementor-widget elementor-widget-heading\" data-id=\"9b27de2\" data-element_type=\"widget\" data-widget_type=\"heading.default\">\n\t\t\t\t<div class=\"elementor-widget-container\">\n\t\t\t<h2 class=\"elementor-heading-title elementor-size-default\">1997 - Zalo\u017een\u00ed spole\u010dnosti Trotec-Laser<\/h2>\t\t<\/div>\n\t\t\t\t<\/div>\n\t\t\t\t<div class=\"elementor-element elementor-element-0707eb2 elementor-widget elementor-widget-text-editor\" data-id=\"0707eb2\" data-element_type=\"widget\" data-widget_type=\"text-editor.default\">\n\t\t\t\t<div class=\"elementor-widget-container\">\n\t\t\t\t\t\t\tSe stejnou motivac\u00ed jako Megaflex, ale s podstatn\u011b v\u011bt\u0161\u00edm finan\u010dn\u00edm a logistick\u00fdm z\u00e1zem\u00edm, zalo\u017eila firma TRODAT, sv\u011btov\u00e1 jedni\u010dka ve v\u00fdrob\u011b samobarvic\u00edch raz\u00edtek, dce\u0159inou spole\u010dnost zam\u011b\u0159enou na v\u00fdrobu laserov\u00fdch za\u0159\u00edzen\u00ed: spole\u010dnost TROTEC-LASER. S vyu\u017eit\u00edm  celosv\u011btov\u00e9 s\u00edt\u011b prodejc\u016f a vynikaj\u00edc\u00edch podnikatelsk\u00fdch schopnost\u00ed je dnes nejen technologickou \u0161pi\u010dkou, ale tak\u00e9 velk\u00fdm obchodn\u00edm \u00fasp\u011bchem TRODATu. Zna\u010dka je ji\u017e zastoupena ve v\u00edce ne\u017e 120 zem\u00edch sv\u011bta.\t\t\t\t\t\t<\/div>\n\t\t\t\t<\/div>\n\t\t\t\t\t<\/div>\n\t\t<\/div>\n\t\t\t\t\t\t\t<\/div>\n\t\t<\/section>\n\t\t\t\t<section class=\"elementor-section elementor-inner-section elementor-element elementor-element-168eee9 ds-boxshadow elementor-section-boxed elementor-section-height-default elementor-section-height-default\" data-id=\"168eee9\" data-element_type=\"section\" data-settings=\"{&quot;background_background&quot;:&quot;classic&quot;}\">\n\t\t\t\t\t\t<div class=\"elementor-container elementor-column-gap-default\">\n\t\t\t\t\t<div class=\"elementor-column elementor-col-100 elementor-inner-column elementor-element elementor-element-6793356\" data-id=\"6793356\" data-element_type=\"column\" data-settings=\"{&quot;background_background&quot;:&quot;classic&quot;}\">\n\t\t\t<div class=\"elementor-widget-wrap elementor-element-populated\">\n\t\t\t\t\t\t\t\t<div class=\"elementor-element elementor-element-de8b487 elementor-widget elementor-widget-heading\" data-id=\"de8b487\" data-element_type=\"widget\" data-widget_type=\"heading.default\">\n\t\t\t\t<div class=\"elementor-widget-container\">\n\t\t\t<h2 class=\"elementor-heading-title elementor-size-default\">Sou\u010dasnost<\/h2>\t\t<\/div>\n\t\t\t\t<\/div>\n\t\t\t\t<div class=\"elementor-element elementor-element-a291508 elementor-widget elementor-widget-text-editor\" data-id=\"a291508\" data-element_type=\"widget\" data-widget_type=\"text-editor.default\">\n\t\t\t\t<div class=\"elementor-widget-container\">\n\t\t\t\t\t\t\tDnes je spole\u010dnost Megaflex nejen nezpochybnitelnou jedni\u010dkou v prodeji samobarvic\u00edch raz\u00edtek v \u010cesk\u00e9 republice i na Slovensku, ale tak\u00e9 v\u00fdznamn\u00fdm hr\u00e1\u010dem na poli laserov\u00e9ho grav\u00edrov\u00e1n\u00ed, \u0159ez\u00e1n\u00ed a pr\u016fmyslov\u00e9ho zna\u010den\u00ed. D\u00edky spolupr\u00e1ci s firmou TROTEC-LASER jsme p\u0159ipraveni nab\u00eddnout \u0161pi\u010dkov\u00e1 za\u0159\u00edzen\u00ed v oboru plo\u0161n\u00fdch laser\u016f a d\u00edky vlastn\u00edm laser\u016fm s vychylovan\u00fdm paprskem pak tak\u00e9 \u0161pi\u010dkov\u00e1 profesion\u00e1ln\u00ed za\u0159\u00edzen\u00ed pro pr\u016fmyslov\u00fd popis. Ji\u017e od konce devades\u00e1t\u00fdch let distribuujeme tak\u00e9 vynikaj\u00edc\u00ed laserem grav\u00edrovateln\u00e9 deskov\u00e9 materi\u00e1ly a f\u00f3lie. V roce 2013 jsme roz\u0161\u00ed\u0159ili nab\u00eddku v sortimentu pro vyu\u017eit\u00ed plo\u0161n\u00fdch laser\u016f: dod\u00e1v\u00e1me designov\u011b i technicky vynikaj\u00edc\u00ed syst\u00e9m pro Orienta\u010dn\u00ed syst\u00e9my budov, TRILINE. I v tomto oboru je dnes Megaflex ji\u017e jedni\u010dkou na \u010desk\u00e9m a slovensk\u00e9m trhu.\t\t\t\t\t\t<\/div>\n\t\t\t\t<\/div>\n\t\t\t\t\t<\/div>\n\t\t<\/div>\n\t\t\t\t\t\t\t<\/div>\n\t\t<\/section>\n\t\t\t\t<section class=\"elementor-section elementor-inner-section elementor-element elementor-element-b5ed538 ds-boxshadow elementor-section-boxed elementor-section-height-default elementor-section-height-default\" data-id=\"b5ed538\" data-element_type=\"section\" data-settings=\"{&quot;background_background&quot;:&quot;classic&quot;}\">\n\t\t\t\t\t\t<div class=\"elementor-container elementor-column-gap-default\">\n\t\t\t\t\t<div class=\"elementor-column elementor-col-100 elementor-inner-column elementor-element elementor-element-a359a21\" data-id=\"a359a21\" data-element_type=\"column\" data-settings=\"{&quot;background_background&quot;:&quot;classic&quot;}\">\n\t\t\t<div class=\"elementor-widget-wrap elementor-element-populated\">\n\t\t\t\t\t\t\t\t<div class=\"elementor-element elementor-element-33910d2 elementor-widget elementor-widget-heading\" data-id=\"33910d2\" data-element_type=\"widget\" data-widget_type=\"heading.default\">\n\t\t\t\t<div class=\"elementor-widget-container\">\n\t\t\t<h2 class=\"elementor-heading-title elementor-size-default\">Sou\u010dasnost<\/h2>\t\t<\/div>\n\t\t\t\t<\/div>\n\t\t\t\t<div class=\"elementor-element elementor-element-98a4e6e elementor-widget elementor-widget-text-editor\" data-id=\"98a4e6e\" data-element_type=\"widget\" data-widget_type=\"text-editor.default\">\n\t\t\t\t<div class=\"elementor-widget-container\">\n\t\t\t\t\t\t\tDnes je spole\u010dnost Megaflex nejen nezpochybnitelnou jedni\u010dkou v prodeji samobarvic\u00edch raz\u00edtek v \u010cesk\u00e9 republice i na Slovensku, ale tak\u00e9 v\u00fdznamn\u00fdm hr\u00e1\u010dem na poli laserov\u00e9ho grav\u00edrov\u00e1n\u00ed, \u0159ez\u00e1n\u00ed a pr\u016fmyslov\u00e9ho zna\u010den\u00ed. D\u00edky spolupr\u00e1ci s firmou TROTEC-LASER jsme p\u0159ipraveni nab\u00eddnout \u0161pi\u010dkov\u00e1 za\u0159\u00edzen\u00ed v oboru plo\u0161n\u00fdch laser\u016f a d\u00edky vlastn\u00edm laser\u016fm s vychylovan\u00fdm paprskem pak tak\u00e9 \u0161pi\u010dkov\u00e1 profesion\u00e1ln\u00ed za\u0159\u00edzen\u00ed pro pr\u016fmyslov\u00fd popis. Ji\u017e od konce devades\u00e1t\u00fdch let distribuujeme tak\u00e9 vynikaj\u00edc\u00ed laserem grav\u00edrovateln\u00e9 deskov\u00e9 materi\u00e1ly a f\u00f3lie. V roce 2013 jsme roz\u0161\u00ed\u0159ili nab\u00eddku v sortimentu pro vyu\u017eit\u00ed plo\u0161n\u00fdch laser\u016f: dod\u00e1v\u00e1me designov\u011b i technicky vynikaj\u00edc\u00ed syst\u00e9m pro Orienta\u010dn\u00ed syst\u00e9my budov, TRILINE. I v tomto oboru je dnes Megaflex ji\u017e jedni\u010dkou na \u010desk\u00e9m a slovensk\u00e9m trhu.\t\t\t\t\t\t<\/div>\n\t\t\t\t<\/div>\n\t\t\t\t\t<\/div>\n\t\t<\/div>\n\t\t\t\t\t\t\t<\/div>\n\t\t<\/section>\n\t\t\t\t\t<\/div>\n\t\t<\/div>\n\t\t\t\t\t\t\t<\/div>\n\t\t<\/section>\n\t\t\t\t\t\t\t<\/div>\n\t\t","protected":false},"excerpt":{"rendered":"<p>1990 Vznik Zakladatel spole\u010dnosti, Ing. Milan Boehm, za\u010dal s distribuc\u00ed samobarvic\u00edch raz\u00edtek rakousk\u00e9 firmy TRODAT v tehdej\u0161\u00edm \u010ceskoslovensku. Rychl\u00fd \u00fasp\u011bch na trhu mu brzy umo\u017enil investovat pen\u00edze tak\u00e9 do v\u00fdvoje za\u0159\u00edzen\u00ed na v\u00fdrobu raz\u00edtkov\u00fdch \u0161to\u010dk\u016f. Takov\u00fdm technicky nejvysp\u011blej\u0161\u00edm syst\u00e9mem byla v t\u00e9 dob\u011b vulkanizace gumy do termosetov\u00fdch matric, ale pro jejich roz\u0161\u00ed\u0159en\u00ed chyb\u011bly vulkaniza\u010dn\u00ed lisy. [&hellip;]<\/p>\n","protected":false},"author":1,"featured_media":0,"parent":0,"menu_order":0,"comment_status":"closed","ping_status":"closed","template":"","meta":{"inline_featured_image":false,"_lmt_disableupdate":"","_lmt_disable":"","footnotes":""},"acf":[],"_links":{"self":[{"href":"https:\/\/www.megaflex.cz\/lasery\/wp-json\/wp\/v2\/pages\/1686"}],"collection":[{"href":"https:\/\/www.megaflex.cz\/lasery\/wp-json\/wp\/v2\/pages"}],"about":[{"href":"https:\/\/www.megaflex.cz\/lasery\/wp-json\/wp\/v2\/types\/page"}],"author":[{"embeddable":true,"href":"https:\/\/www.megaflex.cz\/lasery\/wp-json\/wp\/v2\/users\/1"}],"replies":[{"embeddable":true,"href":"https:\/\/www.megaflex.cz\/lasery\/wp-json\/wp\/v2\/comments?post=1686"}],"version-history":[{"count":158,"href":"https:\/\/www.megaflex.cz\/lasery\/wp-json\/wp\/v2\/pages\/1686\/revisions"}],"predecessor-version":[{"id":19949,"href":"https:\/\/www.megaflex.cz\/lasery\/wp-json\/wp\/v2\/pages\/1686\/revisions\/19949"}],"wp:attachment":[{"href":"https:\/\/www.megaflex.cz\/lasery\/wp-json\/wp\/v2\/media?parent=1686"}],"curies":[{"name":"wp","href":"https:\/\/api.w.org\/{rel}","templated":true}]}}