{"id":5411,"date":"2018-11-22T00:17:33","date_gmt":"2018-11-22T00:17:33","guid":{"rendered":"http:\/\/www.megaflex.cz\/lasery\/sk\/?page_id=5411"},"modified":"2023-06-23T17:08:37","modified_gmt":"2023-06-23T15:08:37","slug":"historia","status":"publish","type":"page","link":"https:\/\/www.megaflex.cz\/lasery\/sk\/historia\/","title":{"rendered":"Hist\u00f3ria"},"content":{"rendered":"\t\t<div data-elementor-type=\"wp-page\" data-elementor-id=\"5411\" class=\"elementor elementor-5411 elementor-1686\" data-elementor-post-type=\"page\">\n\t\t\t\t\t\t\t\t\t<section class=\"elementor-section elementor-top-section elementor-element elementor-element-6ae1bc88 elementor-section-boxed elementor-section-height-default elementor-section-height-default\" data-id=\"6ae1bc88\" data-element_type=\"section\">\n\t\t\t\t\t\t<div class=\"elementor-container elementor-column-gap-default\">\n\t\t\t\t\t<div class=\"elementor-column elementor-col-100 elementor-top-column elementor-element elementor-element-46ace5d1\" data-id=\"46ace5d1\" data-element_type=\"column\">\n\t\t\t<div class=\"elementor-widget-wrap elementor-element-populated\">\n\t\t\t\t\t\t\t\t<div class=\"elementor-element elementor-element-57feefa0 elementor-widget elementor-widget-heading\" data-id=\"57feefa0\" data-element_type=\"widget\" data-widget_type=\"heading.default\">\n\t\t\t\t<div class=\"elementor-widget-container\">\n\t\t\t<style>\/*! elementor - v3.17.0 - 25-10-2023 *\/\n.elementor-heading-title{padding:0;margin:0;line-height:1}.elementor-widget-heading .elementor-heading-title[class*=elementor-size-]>a{color:inherit;font-size:inherit;line-height:inherit}.elementor-widget-heading .elementor-heading-title.elementor-size-small{font-size:15px}.elementor-widget-heading .elementor-heading-title.elementor-size-medium{font-size:19px}.elementor-widget-heading .elementor-heading-title.elementor-size-large{font-size:29px}.elementor-widget-heading .elementor-heading-title.elementor-size-xl{font-size:39px}.elementor-widget-heading .elementor-heading-title.elementor-size-xxl{font-size:59px}<\/style><h1 class=\"elementor-heading-title elementor-size-default\">Hist\u00f3ria<\/h1>\t\t<\/div>\n\t\t\t\t<\/div>\n\t\t\t\t\t<\/div>\n\t\t<\/div>\n\t\t\t\t\t\t\t<\/div>\n\t\t<\/section>\n\t\t\t\t<section class=\"elementor-section elementor-top-section elementor-element elementor-element-218d3932 elementor-hidden-tablet elementor-hidden-mobile elementor-section-boxed elementor-section-height-default elementor-section-height-default\" data-id=\"218d3932\" data-element_type=\"section\">\n\t\t\t\t\t\t<div class=\"elementor-container elementor-column-gap-default\">\n\t\t\t\t\t<div class=\"elementor-column elementor-col-100 elementor-top-column elementor-element elementor-element-1c466b20\" data-id=\"1c466b20\" data-element_type=\"column\">\n\t\t\t<div class=\"elementor-widget-wrap elementor-element-populated\">\n\t\t\t\t\t\t\t\t<div class=\"elementor-element elementor-element-520a216 elementor-widget elementor-widget-html\" data-id=\"520a216\" data-element_type=\"widget\" data-widget_type=\"html.default\">\n\t\t\t\t<div class=\"elementor-widget-container\">\n\t\t\t<div class=\"timeline\">\n  <div class=\"container left elementor-element elementor-element-f2afc2e animated-slow elementor-widget elementor-widget-text-editor animated slideInLeft\" data-id=\"f2afc2e\">\n    <div class=\"date\">1990<\/div>\n    <i class=\"icon fa fa-home\"><\/i>\n    <div class=\"content\">\n      <h2>Vznik<\/h2>\n      <p>\n        Zakladate\u013e spolo\u010dnosti, Ing. Milan Boehm, za\u010dal s distrib\u00faciou samofarbiacich pe\u010diatok rak\u00faskej firmy TRODAT vo vtedaj\u0161om \u010ceskoslovensku. R\u00fdchly \u00faspech na trhu mu \u010doskoro umo\u017enil investova\u0165 peniaze aj do v\u00fdvoja a zariadenia na v\u00fdrobu raz\u00edtkov\u00fdch \u0161to\u010dkov.\n      <\/p>\n    <\/div>\n  <\/div>\n  <div class=\"container right elementor-element elementor-element-f2afc2e animated-slow elementor-widget elementor-widget-text-editor animated slideInRight\" data-id=\"f2afc2e\">\n    <div class=\"date\">1992<\/div>\n    <i class=\"icon fa fa-file-text\"><\/i>\n    <div class=\"content\">\n      <h2>Zalo\u017eenie spolo\u010dnosti Megaflex, spol. s r.o.<\/h2>\n      <p>\n       V apr\u00edli 1992 Ing. Milan Boehm so spolo\u010dn\u00edkom zalo\u017eili spolo\u010dnos\u0165 s ru\u010den\u00edm obmedzen\u00fdm, zameran\u00fa na v\u00fdrobu vulkaniza\u010dn\u00fdch lisov. S ve\u013ek\u00fdm \u00faspechom vyrobili a predali viac ako 20 kusov technicky vyspel\u00fdch a robustn\u00fdch lisov na vulkaniz\u00e1ciu gumov\u00fdch raz\u00edtkov\u00fdch \u0161to\u010dkov. U\u017e na konci roka 1992 sa spolo\u010dn\u00edci dohodli na priate\u013eskom vyrovnan\u00ed a ukon\u010den\u00ed spolupr\u00e1ce.\n      <\/p>\n    <\/div>\n  <\/div>\n  <div class=\"container left elementor-element elementor-element-f2afc2e animated-slow elementor-widget elementor-widget-text-editor animated slideInLeft\">\n    <div class=\"date\">1993<\/div>\n    <i class=\"icon fa fa-user\"><\/i>\n    <div class=\"content\">\n      <h2>Szl\u00fa\u010denie podnikania MEGAFLEX<\/h2>\n      <p>\n        Od janu\u00e1ra 1993 prevzal spolo\u010dnos\u0165 MEGAFLEX, teraz u\u017e jedin\u00fd vlastn\u00edk Ing. Milan Boehm. Cel\u00fa \u010dinnos\u0165 v odbore distrib\u00facie pe\u010diatok TRODAT aj v\u00fdrobu a predaj zariaden\u00ed na v\u00fdrobu raz\u00edtkov\u00fdch \u0161to\u010dkov. Do spolo\u010dnosti MEGAFLEX pre\u0161li s Ing. Milanom Boehmom aj v\u0161etci jeho zamestnanci.\n      <\/p>\n    <\/div>\n  <\/div>\n  <div class=\"container right elementor-element elementor-element-f2afc2e animated-slow elementor-widget elementor-widget-text-editor animated slideInRight\" data-id=\"f2afc2e\">\n    <div class=\"date\">1994<\/div>\n    <i class=\"icon fa fa-certificate\"><\/i>\n    <div class=\"content\">\n      <h2>Prv\u00fd plo\u0161n\u00fd laser MEGAFLEX SHARK S-30<\/h2>\n      <p>\n      V\u010faka spolupr\u00e1ci so \u0161pi\u010dkov\u00fdmi expertmi z odboru laserov\u00fdch technol\u00f3gi\u00ed a programovania sa n\u00e1m u\u017e v roku 1994 podarilo vyrobi\u0165 a uvies\u0165 na trh prv\u00fd plo\u0161n\u00fd laser na v\u00fdrobu raz\u00edtkov\u00fdch \u0161to\u010dkov. V nasleduj\u00facich dvoch rokoch sme t\u00fdchto strojov vyrobili a predali nieko\u013eko desiatok kusov. K n\u00e1\u0161mu prekvapeniu tieto stroje e\u0161te po dvadsiatich rokoch prev\u00e1dzky bezchybne funguj\u00fa ...\n\n      <\/p>\n    <\/div>\n  <\/div>\n  <div class=\"container left elementor-element elementor-element-f2afc2e animated-slow elementor-widget elementor-widget-text-editor animated slideInLeft\">\n    <div class=\"date\">1997<\/div>\n    <i class=\"icon fa fa-file-text\"><\/i>\n    <div class=\"content\">\n      <h2>Zalo\u017eenie spolo\u010dnosti Trotec<\/h2>\n      <p>\n       S rovnakou motiv\u00e1ciou ako MEGAFLEX, ale s podstatne v\u00e4\u010d\u0161\u00edm finan\u010dn\u00fdm a logistick\u00fdm z\u00e1zem\u00edm, zalo\u017eila firma TRODAT, svetov\u00e1 jednotka vo v\u00fdrobe samofarbiacich pe\u010diatok, dc\u00e9rsku spolo\u010dnos\u0165 zameran\u00fa na v\u00fdrobu laserov\u00fdch zariaden\u00ed : spolo\u010dnos\u0165 TROTEC.\n\nS vyu\u017eit\u00edm celosvetovej siete predajcov a vynikaj\u00facich podnikate\u013esk\u00fdch schopnost\u00ed je dnes TROTEC nielen technologickou \u0161pi\u010dkou, ale tie\u017e ve\u013ek\u00fdm obchodn\u00fdm \u00faspechom. Zna\u010dka je zast\u00fapen\u00e1 v 120 krajin\u00e1ch sveta.\n\n\n      <\/p>\n    <\/div>\n  <\/div>\n  <div class=\"container right elementor-element elementor-element-f2afc2e animated-slow elementor-widget elementor-widget-text-editor animated slideInRight\" data-id=\"f2afc2e\">\n    <div class=\"date\">Nyn\u00ed<\/div>\n    <i class=\"icon fa fa-certificate\"><\/i>\n    <div class=\"content\">\n      <h2>MEGAFLEX dnes<\/h2>\n      <p>\n       Dnes je spolo\u010dnos\u0165 MEGAFLEX nielen nespochybnite\u013enou jednotkou v predaji samofarbiacich pe\u010diatok v \u010cesko - Slovenskej republike, ale je v\u00fdznamn\u00fdm hr\u00e1\u010dom na poli laserov\u00e9ho grav\u00edrovania, rezania a priemyseln\u00e9ho zna\u010denia. V\u010faka spolupr\u00e1ci s firmou TROTEC sme pripraven\u00ed pon\u00faknu\u0165 \u0161pi\u010dkov\u00e9 zariadenia v odbore plo\u0161n\u00fdch laserov a v\u010faka vlastn\u00fdm laserom s vychylovan\u00fdm l\u00fa\u010dom potom tie\u017e \u0161pi\u010dkov\u00e9 profesion\u00e1lne zariadenia pre priemyseln\u00fd popis.\n\nU\u017e od konca dev\u00e4\u0165desiatych rokov distribuujeme vynikaj\u00face plo\u0161n\u00e9 laserom grav\u00edrovate\u013en\u00e9 materi\u00e1ly. V roku 2013 sme roz\u0161\u00edrili ponuku v sortimente pre vyu\u017eitie plo\u0161n\u00fdch laserov : dod\u00e1vame dizajnovo i technicky vynikaj\u00faci syst\u00e9m pre orienta\u010dn\u00e9 syst\u00e9my budov, TRILINE.\n\n      <\/p>\n    <\/div>\n  <\/div>\n<\/div>\t\t<\/div>\n\t\t\t\t<\/div>\n\t\t\t\t\t<\/div>\n\t\t<\/div>\n\t\t\t\t\t\t\t<\/div>\n\t\t<\/section>\n\t\t\t\t<section class=\"elementor-section elementor-top-section elementor-element elementor-element-4d2ef3be elementor-hidden-desktop elementor-section-boxed elementor-section-height-default elementor-section-height-default\" data-id=\"4d2ef3be\" data-element_type=\"section\">\n\t\t\t\t\t\t<div class=\"elementor-container elementor-column-gap-default\">\n\t\t\t\t\t<div class=\"elementor-column elementor-col-100 elementor-top-column elementor-element elementor-element-4e0ca534\" data-id=\"4e0ca534\" data-element_type=\"column\">\n\t\t\t<div class=\"elementor-widget-wrap elementor-element-populated\">\n\t\t\t\t\t\t\t\t<section class=\"elementor-section elementor-inner-section elementor-element elementor-element-43de0222 ds-boxshadow elementor-section-boxed elementor-section-height-default elementor-section-height-default\" data-id=\"43de0222\" data-element_type=\"section\" data-settings=\"{&quot;background_background&quot;:&quot;classic&quot;}\">\n\t\t\t\t\t\t<div class=\"elementor-container elementor-column-gap-default\">\n\t\t\t\t\t<div class=\"elementor-column elementor-col-100 elementor-inner-column elementor-element elementor-element-4e07c65b\" data-id=\"4e07c65b\" data-element_type=\"column\" data-settings=\"{&quot;background_background&quot;:&quot;classic&quot;}\">\n\t\t\t<div class=\"elementor-widget-wrap elementor-element-populated\">\n\t\t\t\t\t\t\t\t<div class=\"elementor-element elementor-element-7c2d8899 elementor-widget elementor-widget-heading\" data-id=\"7c2d8899\" data-element_type=\"widget\" data-widget_type=\"heading.default\">\n\t\t\t\t<div class=\"elementor-widget-container\">\n\t\t\t<h2 class=\"elementor-heading-title elementor-size-default\">1990- Vznik<\/h2>\t\t<\/div>\n\t\t\t\t<\/div>\n\t\t\t\t<div class=\"elementor-element elementor-element-2c96b20d elementor-widget elementor-widget-text-editor\" data-id=\"2c96b20d\" data-element_type=\"widget\" data-widget_type=\"text-editor.default\">\n\t\t\t\t<div class=\"elementor-widget-container\">\n\t\t\t<style>\/*! elementor - v3.17.0 - 25-10-2023 *\/\n.elementor-widget-text-editor.elementor-drop-cap-view-stacked .elementor-drop-cap{background-color:#69727d;color:#fff}.elementor-widget-text-editor.elementor-drop-cap-view-framed .elementor-drop-cap{color:#69727d;border:3px solid;background-color:transparent}.elementor-widget-text-editor:not(.elementor-drop-cap-view-default) .elementor-drop-cap{margin-top:8px}.elementor-widget-text-editor:not(.elementor-drop-cap-view-default) .elementor-drop-cap-letter{width:1em;height:1em}.elementor-widget-text-editor .elementor-drop-cap{float:left;text-align:center;line-height:1;font-size:50px}.elementor-widget-text-editor .elementor-drop-cap-letter{display:inline-block}<\/style>\t\t\t\tZakladate\u013e spolo\u010dnosti, Ing. Milan Boehm, za\u010dal s distrib\u00faciou samofarbiacich pe\u010diatok rak\u00faskej firmy TRODAT vo vtedaj\u0161om \u010ceskoslovensku. R\u00fdchly \u00faspech na trhu mu \u010doskoro umo\u017enil investova\u0165 peniaze aj do v\u00fdvoja a zariadenia na v\u00fdrobu raz\u00edtkov\u00fdch \u0161to\u010dkov.\t\t\t\t\t\t<\/div>\n\t\t\t\t<\/div>\n\t\t\t\t\t<\/div>\n\t\t<\/div>\n\t\t\t\t\t\t\t<\/div>\n\t\t<\/section>\n\t\t\t\t<section class=\"elementor-section elementor-inner-section elementor-element elementor-element-45087517 ds-boxshadow elementor-section-boxed elementor-section-height-default elementor-section-height-default\" data-id=\"45087517\" data-element_type=\"section\" data-settings=\"{&quot;background_background&quot;:&quot;classic&quot;}\">\n\t\t\t\t\t\t<div class=\"elementor-container elementor-column-gap-default\">\n\t\t\t\t\t<div class=\"elementor-column elementor-col-100 elementor-inner-column elementor-element elementor-element-aadaa8b\" data-id=\"aadaa8b\" data-element_type=\"column\" data-settings=\"{&quot;background_background&quot;:&quot;classic&quot;}\">\n\t\t\t<div class=\"elementor-widget-wrap elementor-element-populated\">\n\t\t\t\t\t\t\t\t<div class=\"elementor-element elementor-element-221956b8 elementor-widget elementor-widget-heading\" data-id=\"221956b8\" data-element_type=\"widget\" data-widget_type=\"heading.default\">\n\t\t\t\t<div class=\"elementor-widget-container\">\n\t\t\t<h2 class=\"elementor-heading-title elementor-size-default\">1992 - Zalo\u017eenie spolo\u010dnosti Megaflex, spol. s r.o.<\/h2>\t\t<\/div>\n\t\t\t\t<\/div>\n\t\t\t\t<div class=\"elementor-element elementor-element-3dc9c192 elementor-widget elementor-widget-text-editor\" data-id=\"3dc9c192\" data-element_type=\"widget\" data-widget_type=\"text-editor.default\">\n\t\t\t\t<div class=\"elementor-widget-container\">\n\t\t\t\t\t\t\tV apr\u00edli 1992 Ing. Milan Boehm so spolo\u010dn\u00edkom zalo\u017eili spolo\u010dnos\u0165 s ru\u010den\u00edm obmedzen\u00fdm, zameran\u00fa na v\u00fdrobu vulkaniza\u010dn\u00fdch lisov. S ve\u013ek\u00fdm \u00faspechom vyrobili a predali viac ako 20 kusov technicky vyspel\u00fdch a robustn\u00fdch lisov na vulkaniz\u00e1ciu gumov\u00fdch raz\u00edtkov\u00fdch \u0161to\u010dkov. U\u017e na konci roka 1992 sa spolo\u010dn\u00edci dohodli na priate\u013eskom vyrovnan\u00ed a ukon\u010den\u00ed spolupr\u00e1ce.\t\t\t\t\t\t<\/div>\n\t\t\t\t<\/div>\n\t\t\t\t\t<\/div>\n\t\t<\/div>\n\t\t\t\t\t\t\t<\/div>\n\t\t<\/section>\n\t\t\t\t<section class=\"elementor-section elementor-inner-section elementor-element elementor-element-71c29696 ds-boxshadow elementor-section-boxed elementor-section-height-default elementor-section-height-default\" data-id=\"71c29696\" data-element_type=\"section\" data-settings=\"{&quot;background_background&quot;:&quot;classic&quot;}\">\n\t\t\t\t\t\t<div class=\"elementor-container elementor-column-gap-default\">\n\t\t\t\t\t<div class=\"elementor-column elementor-col-100 elementor-inner-column elementor-element elementor-element-1521d74a\" data-id=\"1521d74a\" data-element_type=\"column\" data-settings=\"{&quot;background_background&quot;:&quot;classic&quot;}\">\n\t\t\t<div class=\"elementor-widget-wrap elementor-element-populated\">\n\t\t\t\t\t\t\t\t<div class=\"elementor-element elementor-element-40ccfb8f elementor-widget elementor-widget-heading\" data-id=\"40ccfb8f\" data-element_type=\"widget\" data-widget_type=\"heading.default\">\n\t\t\t\t<div class=\"elementor-widget-container\">\n\t\t\t<h2 class=\"elementor-heading-title elementor-size-default\">1993 - Szl\u00fa\u010denie podnikania MEGAFLEX<\/h2>\t\t<\/div>\n\t\t\t\t<\/div>\n\t\t\t\t<div class=\"elementor-element elementor-element-53f1b875 elementor-widget elementor-widget-text-editor\" data-id=\"53f1b875\" data-element_type=\"widget\" data-widget_type=\"text-editor.default\">\n\t\t\t\t<div class=\"elementor-widget-container\">\n\t\t\t\t\t\t\tOd janu\u00e1ra 1993 prevzal spolo\u010dnos\u0165 MEGAFLEX, teraz u\u017e jedin\u00fd vlastn\u00edk Ing. Milan Boehm. Cel\u00fa \u010dinnos\u0165 v odbore distrib\u00facie pe\u010diatok TRODAT aj v\u00fdrobu a predaj zariaden\u00ed na v\u00fdrobu raz\u00edtkov\u00fdch \u0161to\u010dkov. Do spolo\u010dnosti MEGAFLEX pre\u0161li s Ing. Milanom Boehmom aj v\u0161etci jeho zamestnanci.\t\t\t\t\t\t<\/div>\n\t\t\t\t<\/div>\n\t\t\t\t\t<\/div>\n\t\t<\/div>\n\t\t\t\t\t\t\t<\/div>\n\t\t<\/section>\n\t\t\t\t<section class=\"elementor-section elementor-inner-section elementor-element elementor-element-5906461f ds-boxshadow elementor-section-boxed elementor-section-height-default elementor-section-height-default\" data-id=\"5906461f\" data-element_type=\"section\" data-settings=\"{&quot;background_background&quot;:&quot;classic&quot;}\">\n\t\t\t\t\t\t<div class=\"elementor-container elementor-column-gap-default\">\n\t\t\t\t\t<div class=\"elementor-column elementor-col-100 elementor-inner-column elementor-element elementor-element-6e4ee998\" data-id=\"6e4ee998\" data-element_type=\"column\" data-settings=\"{&quot;background_background&quot;:&quot;classic&quot;}\">\n\t\t\t<div class=\"elementor-widget-wrap elementor-element-populated\">\n\t\t\t\t\t\t\t\t<div class=\"elementor-element elementor-element-dc176d1 elementor-widget elementor-widget-heading\" data-id=\"dc176d1\" data-element_type=\"widget\" data-widget_type=\"heading.default\">\n\t\t\t\t<div class=\"elementor-widget-container\">\n\t\t\t<h2 class=\"elementor-heading-title elementor-size-default\">1994 - Prv\u00fd plo\u0161n\u00fd laser MEGAFLEX SHARK S-30<\/h2>\t\t<\/div>\n\t\t\t\t<\/div>\n\t\t\t\t<div class=\"elementor-element elementor-element-59ec1731 elementor-widget elementor-widget-text-editor\" data-id=\"59ec1731\" data-element_type=\"widget\" data-widget_type=\"text-editor.default\">\n\t\t\t\t<div class=\"elementor-widget-container\">\n\t\t\t\t\t\t\tV\u010faka spolupr\u00e1ci so \u0161pi\u010dkov\u00fdmi expertmi z odboru laserov\u00fdch technol\u00f3gi\u00ed a programovania sa n\u00e1m u\u017e v roku 1994 podarilo vyrobi\u0165 a uvies\u0165 na trh prv\u00fd plo\u0161n\u00fd laser na v\u00fdrobu raz\u00edtkov\u00fdch \u0161to\u010dkov. V nasleduj\u00facich dvoch rokoch sme t\u00fdchto strojov vyrobili a predali nieko\u013eko desiatok kusov. K n\u00e1\u0161mu prekvapeniu tieto stroje e\u0161te po dvadsiatich rokoch prev\u00e1dzky bezchybne funguj\u00fa &#8230;\t\t\t\t\t\t<\/div>\n\t\t\t\t<\/div>\n\t\t\t\t\t<\/div>\n\t\t<\/div>\n\t\t\t\t\t\t\t<\/div>\n\t\t<\/section>\n\t\t\t\t<section class=\"elementor-section elementor-inner-section elementor-element elementor-element-7ded567e ds-boxshadow elementor-section-boxed elementor-section-height-default elementor-section-height-default\" data-id=\"7ded567e\" data-element_type=\"section\" data-settings=\"{&quot;background_background&quot;:&quot;classic&quot;}\">\n\t\t\t\t\t\t<div class=\"elementor-container elementor-column-gap-default\">\n\t\t\t\t\t<div class=\"elementor-column elementor-col-100 elementor-inner-column elementor-element elementor-element-62398db8\" data-id=\"62398db8\" data-element_type=\"column\" data-settings=\"{&quot;background_background&quot;:&quot;classic&quot;}\">\n\t\t\t<div class=\"elementor-widget-wrap elementor-element-populated\">\n\t\t\t\t\t\t\t\t<div class=\"elementor-element elementor-element-1bfd86bf elementor-widget elementor-widget-heading\" data-id=\"1bfd86bf\" data-element_type=\"widget\" data-widget_type=\"heading.default\">\n\t\t\t\t<div class=\"elementor-widget-container\">\n\t\t\t<h2 class=\"elementor-heading-title elementor-size-default\">1997 - Zalo\u017eenie spolo\u010dnosti Trotec<\/h2>\t\t<\/div>\n\t\t\t\t<\/div>\n\t\t\t\t<div class=\"elementor-element elementor-element-377b8c18 elementor-widget elementor-widget-text-editor\" data-id=\"377b8c18\" data-element_type=\"widget\" data-widget_type=\"text-editor.default\">\n\t\t\t\t<div class=\"elementor-widget-container\">\n\t\t\t\t\t\t\tS rovnakou motiv\u00e1ciou ako MEGAFLEX, ale s podstatne v\u00e4\u010d\u0161\u00edm finan\u010dn\u00fdm a logistick\u00fdm z\u00e1zem\u00edm, zalo\u017eila firma TRODAT, svetov\u00e1 jednotka vo v\u00fdrobe samofarbiacich pe\u010diatok, dc\u00e9rsku spolo\u010dnos\u0165 zameran\u00fa na v\u00fdrobu laserov\u00fdch zariaden\u00ed : spolo\u010dnos\u0165 TROTEC. S vyu\u017eit\u00edm celosvetovej siete predajcov a vynikaj\u00facich podnikate\u013esk\u00fdch schopnost\u00ed je dnes TROTEC nielen technologickou \u0161pi\u010dkou, ale tie\u017e ve\u013ek\u00fdm obchodn\u00fdm \u00faspechom. Zna\u010dka je zast\u00fapen\u00e1 v 120 krajin\u00e1ch sveta.\t\t\t\t\t\t<\/div>\n\t\t\t\t<\/div>\n\t\t\t\t\t<\/div>\n\t\t<\/div>\n\t\t\t\t\t\t\t<\/div>\n\t\t<\/section>\n\t\t\t\t<section class=\"elementor-section elementor-inner-section elementor-element elementor-element-3cdc6b54 ds-boxshadow elementor-section-boxed elementor-section-height-default elementor-section-height-default\" data-id=\"3cdc6b54\" data-element_type=\"section\" data-settings=\"{&quot;background_background&quot;:&quot;classic&quot;}\">\n\t\t\t\t\t\t<div class=\"elementor-container elementor-column-gap-default\">\n\t\t\t\t\t<div class=\"elementor-column elementor-col-100 elementor-inner-column elementor-element elementor-element-6db33df0\" data-id=\"6db33df0\" data-element_type=\"column\" data-settings=\"{&quot;background_background&quot;:&quot;classic&quot;}\">\n\t\t\t<div class=\"elementor-widget-wrap elementor-element-populated\">\n\t\t\t\t\t\t\t\t<div class=\"elementor-element elementor-element-386ec53d elementor-widget elementor-widget-heading\" data-id=\"386ec53d\" data-element_type=\"widget\" data-widget_type=\"heading.default\">\n\t\t\t\t<div class=\"elementor-widget-container\">\n\t\t\t<h2 class=\"elementor-heading-title elementor-size-default\">Sou\u010dasnost<\/h2>\t\t<\/div>\n\t\t\t\t<\/div>\n\t\t\t\t<div class=\"elementor-element elementor-element-79566a03 elementor-widget elementor-widget-text-editor\" data-id=\"79566a03\" data-element_type=\"widget\" data-widget_type=\"text-editor.default\">\n\t\t\t\t<div class=\"elementor-widget-container\">\n\t\t\t\t\t\t\tDnes je spolo\u010dnos\u0165 MEGAFLEX nielen nespochybnite\u013enou jednotkou v predaji samofarbiacich pe\u010diatok v \u010cesko &#8211; Slovenskej republike, ale je v\u00fdznamn\u00fdm hr\u00e1\u010dom na poli laserov\u00e9ho grav\u00edrovania, rezania a priemyseln\u00e9ho zna\u010denia. V\u010faka spolupr\u00e1ci s firmou TROTEC sme pripraven\u00ed pon\u00faknu\u0165 \u0161pi\u010dkov\u00e9 zariadenia v odbore plo\u0161n\u00fdch laserov a v\u010faka vlastn\u00fdm laserom s vychylovan\u00fdm l\u00fa\u010dom potom tie\u017e \u0161pi\u010dkov\u00e9 profesion\u00e1lne zariadenia pre priemyseln\u00fd popis. U\u017e od konca dev\u00e4\u0165desiatych rokov distribuujeme vynikaj\u00face plo\u0161n\u00e9 laserom grav\u00edrovate\u013en\u00e9 materi\u00e1ly. V roku 2013 sme roz\u0161\u00edrili ponuku v sortimente pre vyu\u017eitie plo\u0161n\u00fdch laserov : dod\u00e1vame dizajnovo i technicky vynikaj\u00faci syst\u00e9m pre orienta\u010dn\u00e9 syst\u00e9my budov, TRILINE.\t\t\t\t\t\t<\/div>\n\t\t\t\t<\/div>\n\t\t\t\t\t<\/div>\n\t\t<\/div>\n\t\t\t\t\t\t\t<\/div>\n\t\t<\/section>\n\t\t\t\t<section class=\"elementor-section elementor-inner-section elementor-element elementor-element-275b7fc0 ds-boxshadow elementor-section-boxed elementor-section-height-default elementor-section-height-default\" data-id=\"275b7fc0\" data-element_type=\"section\" data-settings=\"{&quot;background_background&quot;:&quot;classic&quot;}\">\n\t\t\t\t\t\t<div class=\"elementor-container elementor-column-gap-default\">\n\t\t\t\t\t<div class=\"elementor-column elementor-col-100 elementor-inner-column elementor-element elementor-element-28307af7\" data-id=\"28307af7\" data-element_type=\"column\" data-settings=\"{&quot;background_background&quot;:&quot;classic&quot;}\">\n\t\t\t<div class=\"elementor-widget-wrap elementor-element-populated\">\n\t\t\t\t\t\t\t\t<div class=\"elementor-element elementor-element-265a46cf elementor-widget elementor-widget-heading\" data-id=\"265a46cf\" data-element_type=\"widget\" data-widget_type=\"heading.default\">\n\t\t\t\t<div class=\"elementor-widget-container\">\n\t\t\t<h2 class=\"elementor-heading-title elementor-size-default\">Sou\u010dasnost<\/h2>\t\t<\/div>\n\t\t\t\t<\/div>\n\t\t\t\t<div class=\"elementor-element elementor-element-10af4ba2 elementor-widget elementor-widget-text-editor\" data-id=\"10af4ba2\" data-element_type=\"widget\" data-widget_type=\"text-editor.default\">\n\t\t\t\t<div class=\"elementor-widget-container\">\n\t\t\t\t\t\t\tDnes je spole\u010dnost Megaflex nejen nezpochybnitelnou jedni\u010dkou v prodeji samobarvic\u00edch raz\u00edtek v \u010cesk\u00e9 republice i na Slovensku, ale tak\u00e9 v\u00fdznamn\u00fdm hr\u00e1\u010dem na poli laserov\u00e9ho grav\u00edrov\u00e1n\u00ed, \u0159ez\u00e1n\u00ed a pr\u016fmyslov\u00e9ho zna\u010den\u00ed. D\u00edky spolupr\u00e1ci s firmou TROTEC-LASER jsme p\u0159ipraveni nab\u00eddnout \u0161pi\u010dkov\u00e1 za\u0159\u00edzen\u00ed v oboru plo\u0161n\u00fdch laser\u016f a d\u00edky vlastn\u00edm laser\u016fm s vychylovan\u00fdm paprskem pak tak\u00e9 \u0161pi\u010dkov\u00e1 profesion\u00e1ln\u00ed za\u0159\u00edzen\u00ed pro pr\u016fmyslov\u00fd popis. Ji\u017e od konce devades\u00e1t\u00fdch let distribuujeme tak\u00e9 vynikaj\u00edc\u00ed laserem grav\u00edrovateln\u00e9 deskov\u00e9 materi\u00e1ly a f\u00f3lie. V roce 2013 jsme roz\u0161\u00ed\u0159ili nab\u00eddku v sortimentu pro vyu\u017eit\u00ed plo\u0161n\u00fdch laser\u016f: dod\u00e1v\u00e1me designov\u011b i technicky vynikaj\u00edc\u00ed syst\u00e9m pro Orienta\u010dn\u00ed syst\u00e9my budov, TRILINE. I v tomto oboru je dnes Megaflex ji\u017e jedni\u010dkou na \u010desk\u00e9m a slovensk\u00e9m trhu.\t\t\t\t\t\t<\/div>\n\t\t\t\t<\/div>\n\t\t\t\t\t<\/div>\n\t\t<\/div>\n\t\t\t\t\t\t\t<\/div>\n\t\t<\/section>\n\t\t\t\t\t<\/div>\n\t\t<\/div>\n\t\t\t\t\t\t\t<\/div>\n\t\t<\/section>\n\t\t\t\t\t\t\t<\/div>\n\t\t","protected":false},"excerpt":{"rendered":"<p>1990 Vznik Zakladate\u013e spolo\u010dnosti, Ing. Milan Boehm, za\u010dal s distrib\u00faciou samofarbiacich pe\u010diatok rak\u00faskej firmy TRODAT vo vtedaj\u0161om \u010ceskoslovensku. R\u00fdchly \u00faspech na trhu mu \u010doskoro umo\u017enil investova\u0165 peniaze aj do v\u00fdvoja a zariadenia na v\u00fdrobu raz\u00edtkov\u00fdch \u0161to\u010dkov. 1992 Zalo\u017eenie spolo\u010dnosti Megaflex, spol. s r.o. V apr\u00edli 1992 Ing. Milan Boehm so spolo\u010dn\u00edkom zalo\u017eili spolo\u010dnos\u0165 s ru\u010den\u00edm [&hellip;]<\/p>\n","protected":false},"author":974,"featured_media":0,"parent":0,"menu_order":0,"comment_status":"closed","ping_status":"closed","template":"","meta":{"inline_featured_image":false,"_lmt_disableupdate":"","_lmt_disable":"","footnotes":""},"acf":[],"_links":{"self":[{"href":"https:\/\/www.megaflex.cz\/lasery\/sk\/wp-json\/wp\/v2\/pages\/5411"}],"collection":[{"href":"https:\/\/www.megaflex.cz\/lasery\/sk\/wp-json\/wp\/v2\/pages"}],"about":[{"href":"https:\/\/www.megaflex.cz\/lasery\/sk\/wp-json\/wp\/v2\/types\/page"}],"author":[{"embeddable":true,"href":"https:\/\/www.megaflex.cz\/lasery\/sk\/wp-json\/wp\/v2\/users\/974"}],"replies":[{"embeddable":true,"href":"https:\/\/www.megaflex.cz\/lasery\/sk\/wp-json\/wp\/v2\/comments?post=5411"}],"version-history":[{"count":15,"href":"https:\/\/www.megaflex.cz\/lasery\/sk\/wp-json\/wp\/v2\/pages\/5411\/revisions"}],"predecessor-version":[{"id":18798,"href":"https:\/\/www.megaflex.cz\/lasery\/sk\/wp-json\/wp\/v2\/pages\/5411\/revisions\/18798"}],"wp:attachment":[{"href":"https:\/\/www.megaflex.cz\/lasery\/sk\/wp-json\/wp\/v2\/media?parent=5411"}],"curies":[{"name":"wp","href":"https:\/\/api.w.org\/{rel}","templated":true}]}}